{"id":2,"date":"2013-03-14T16:44:50","date_gmt":"2013-03-14T15:44:50","guid":{"rendered":"http:\/\/ralph-erich-hildebrandt.de\/?page_id=2"},"modified":"2026-01-29T20:31:22","modified_gmt":"2026-01-29T19:31:22","slug":"sample-page","status":"publish","type":"page","link":"https:\/\/ralph-erich-hildebrandt.de\/?page_id=2","title":{"rendered":"\u00dcber mich"},"content":{"rendered":"<div class=\"wp-block-image\">\n<figure class=\"aligncenter\"><a href=\"https:\/\/ralph-erich-hildebrandt.de\/wp-content\/uploads\/2020\/06\/hildebrandt-2020-1.jpg\"><img loading=\"lazy\" decoding=\"async\" width=\"769\" height=\"540\" src=\"https:\/\/ralph-erich-hildebrandt.de\/wp-content\/uploads\/2020\/06\/hildebrandt-2020-1.jpg\" alt=\"Ralph-Erich Hildebrandt 2020\" class=\"wp-image-717\" srcset=\"https:\/\/ralph-erich-hildebrandt.de\/wp-content\/uploads\/2020\/06\/hildebrandt-2020-1.jpg 769w, https:\/\/ralph-erich-hildebrandt.de\/wp-content\/uploads\/2020\/06\/hildebrandt-2020-1-300x211.jpg 300w, https:\/\/ralph-erich-hildebrandt.de\/wp-content\/uploads\/2020\/06\/hildebrandt-2020-1-150x105.jpg 150w, https:\/\/ralph-erich-hildebrandt.de\/wp-content\/uploads\/2020\/06\/hildebrandt-2020-1-214x150.jpg 214w, https:\/\/ralph-erich-hildebrandt.de\/wp-content\/uploads\/2020\/06\/hildebrandt-2020-1-427x300.jpg 427w\" sizes=\"auto, (max-width: 769px) 100vw, 769px\" \/><\/a><\/figure>\n<\/div>\n\n\n<p class=\"wp-block-paragraph\"><\/p>\n\n\n\n<p class=\"wp-block-paragraph\">Mein Name ist <strong>Ralph-Erich Hildebrandt<\/strong><\/p>\n\n\n\n<p class=\"wp-block-paragraph\">* 1961 in Duisburg-Meiderich<br>\nStudium der Mathematik und Physik an der Heinrich-Heine-Universit\u00e4t D\u00fcsseldorf<\/p>\n\n\n\n<p class=\"wp-block-paragraph\">Oberstudienrat f\u00fcr die F\u00e4cher Mathematik und Informatik am Konrad-Adenauer-Gymnasium Langenfeld<\/p>\n\n\n\n<p class=\"wp-block-paragraph\">Im Nebenamt<\/p>\n\n\n\n<ul class=\"wp-block-list\">\n<li>Moderator f\u00fcr Mathematik Gymnasium\/Sekundarstufe II im Kompetenzteam der Landeshauptstadt D\u00fcsseldorf und Mitglied der Steuergruppe f\u00fcr den Regierungsbezirk D\u00fcsseldorf<\/li>\n\n\n\n<li>Redaktionsleiter des Mathe-Treffs der Bezirksregierung D\u00fcsseldorf<\/li>\n\n\n\n<li>Beh\u00f6rdlicher Datenschutzbeauftragter f\u00fcr Schulen im Rhein-Kreis Neuss<\/li>\n<\/ul>\n\n\n\n<p class=\"wp-block-paragraph\">Co-Vorsitzender der <a href=\"http:\/\/www.spd-rosellen.de\" target=\"_blank\" rel=\"noopener noreferrer\">SPD Rosellen<\/a> in Neuss<\/p>\n\n\n\n<p class=\"wp-block-paragraph\">Schriftf\u00fchrer des <a href=\"https:\/\/spd-neuss.de\/\" target=\"_blank\" rel=\"noopener\">SPD Stadtverbandes Neuss<\/a><\/p>\n\n\n\n<p class=\"wp-block-paragraph\">Stadtverordneter der Stadt Neuss seit dem 25. Mai 2014 und wiedergew\u00e4hlt am 13.9.2020 und 14.9.2025<\/p>\n\n\n\n<p class=\"wp-block-paragraph\">Datenschutzbeauftragter des SV Rosellen<\/p>\n\n\n\n<p class=\"wp-block-paragraph\"><em><strong>Aussch\u00fcsse im Rat 2025-2030:<\/strong><\/em><\/p>\n\n\n\n<p class=\"wp-block-paragraph\"><strong>Mitglied im<\/strong><\/p>\n\n\n\n<ul class=\"wp-block-list\">\n<li>Mobilit\u00e4ts- und Infrastrukturausschuss<\/li>\n\n\n\n<li>Ausschuss f\u00fcr Anregungen, Beschwerden und B\u00fcrgerbeteiligung als Sprecher<\/li>\n\n\n\n<li>Verwaltungsrat der Infrastruktur Neuss A\u00f6R<\/li>\n\n\n\n<li>Verbandsversammlung der ITK Rheinland<\/li>\n\n\n\n<li>Aufsichtsrat der Neuss-D\u00fcsseldorfer H\u00e4fen GmbH &amp; Co KG<\/li>\n\n\n\n<li>Aufsichtsrat der RheinCargo GmbH &amp; Co KG<\/li>\n\n\n\n<li>Aufsichtsrat der Hafen D\u00fcsseldorf-Reisholz EntwicklungsGmbH<\/li>\n\n\n\n<li>Bezirksausschuss Rosellen als stv. Vorsitzender und Sprecher<\/li>\n<\/ul>\n\n\n\n<p class=\"wp-block-paragraph\"><strong>Stellvertretendes Mitglied im<\/strong><\/p>\n\n\n\n<ul class=\"wp-block-list\">\n<li>Ausschuss f\u00fcr Strukturwandel, Wirtschaft &amp; Besch\u00e4ftigung<\/li>\n\n\n\n<li>Sportausschuss<\/li>\n\n\n\n<li>Komitee f\u00fcr St\u00e4dtepartnerschaften, Europa und Internationales<\/li>\n\n\n\n<li>Bezirksausschuss Norf als Ersatzstellvertreter<\/li>\n<\/ul>\n\n\n\n<p class=\"wp-block-paragraph\"><a href=\"https:\/\/www.facebook.com\/HildebrandtStadtratNeuss\" target=\"_blank\" rel=\"noopener noreferrer\">Besuchen Sie mich auch bei Facebook<\/a><\/p>\n","protected":false},"excerpt":{"rendered":"<p>Mein Name ist Ralph-Erich Hildebrandt * 1961 in Duisburg-Meiderich Studium der Mathematik und Physik an der Heinrich-Heine-Universit\u00e4t D\u00fcsseldorf Oberstudienrat f\u00fcr die F\u00e4cher Mathematik und Informatik am Konrad-Adenauer-Gymnasium Langenfeld Im Nebenamt Co-Vorsitzender der SPD Rosellen in Neuss Schriftf\u00fchrer des SPD Stadtverbandes Neuss Stadtverordneter der Stadt Neuss seit dem 25. Mai 2014 und wiedergew\u00e4hlt am 13.9.2020 und [&hellip;]<\/p>\n","protected":false},"author":1,"featured_media":0,"parent":0,"menu_order":0,"comment_status":"closed","ping_status":"closed","template":"","meta":{"_crdt_document":"","footnotes":""},"class_list":["post-2","page","type-page","status-publish","hentry"],"_links":{"self":[{"href":"https:\/\/ralph-erich-hildebrandt.de\/index.php?rest_route=\/wp\/v2\/pages\/2","targetHints":{"allow":["GET"]}}],"collection":[{"href":"https:\/\/ralph-erich-hildebrandt.de\/index.php?rest_route=\/wp\/v2\/pages"}],"about":[{"href":"https:\/\/ralph-erich-hildebrandt.de\/index.php?rest_route=\/wp\/v2\/types\/page"}],"author":[{"embeddable":true,"href":"https:\/\/ralph-erich-hildebrandt.de\/index.php?rest_route=\/wp\/v2\/users\/1"}],"replies":[{"embeddable":true,"href":"https:\/\/ralph-erich-hildebrandt.de\/index.php?rest_route=%2Fwp%2Fv2%2Fcomments&post=2"}],"version-history":[{"count":52,"href":"https:\/\/ralph-erich-hildebrandt.de\/index.php?rest_route=\/wp\/v2\/pages\/2\/revisions"}],"predecessor-version":[{"id":1040,"href":"https:\/\/ralph-erich-hildebrandt.de\/index.php?rest_route=\/wp\/v2\/pages\/2\/revisions\/1040"}],"wp:attachment":[{"href":"https:\/\/ralph-erich-hildebrandt.de\/index.php?rest_route=%2Fwp%2Fv2%2Fmedia&parent=2"}],"curies":[{"name":"wp","href":"https:\/\/api.w.org\/{rel}","templated":true}]}}